{"id":21,"date":"2024-03-08T11:32:28","date_gmt":"2024-03-08T11:32:28","guid":{"rendered":"https:\/\/legalved.hu\/?page_id=21"},"modified":"2024-04-03T11:43:49","modified_gmt":"2024-04-03T11:43:49","slug":"eloeros-orzes-es-vagyonvedelem","status":"publish","type":"page","link":"https:\/\/legalved.hu\/index.php\/eloeros-orzes-es-vagyonvedelem\/","title":{"rendered":"\u00c9l\u0151er\u0151s \u0151rz\u00e9s \u00e9s vagyonv\u00e9delem"},"content":{"rendered":"<p>[et_pb_section fb_built=&#8221;1&#8243; _builder_version=&#8221;4.24.2&#8243; _module_preset=&#8221;default&#8221; background_color=&#8221;rgba(0,0,0,0.7)&#8221; background_image=&#8221;https:\/\/legalved.hu\/wp-content\/uploads\/2024\/03\/vagyonvedelem.jpg&#8221; background_blend=&#8221;overlay&#8221; global_colors_info=&#8221;{}&#8221;][et_pb_row _builder_version=&#8221;4.24.2&#8243; _module_preset=&#8221;default&#8221; width_tablet=&#8221;&#8221; width_phone=&#8221;90%&#8221; width_last_edited=&#8221;on|phone&#8221; global_colors_info=&#8221;{}&#8221;][et_pb_column type=&#8221;4_4&#8243; _builder_version=&#8221;4.24.2&#8243; _module_preset=&#8221;default&#8221; global_colors_info=&#8221;{}&#8221;][et_pb_text _builder_version=&#8221;4.24.2&#8243; _module_preset=&#8221;default&#8221; header_font=&#8221;|800|||||||&#8221; header_text_align=&#8221;center&#8221; header_text_color=&#8221;#FFFFFF&#8221; custom_margin=&#8221;||6px|||&#8221; header_font_size_tablet=&#8221;&#8221; header_font_size_phone=&#8221;33px&#8221; header_font_size_last_edited=&#8221;on|desktop&#8221; global_colors_info=&#8221;{}&#8221;]<\/p>\n<h1>\u00c9l\u0151er\u0151s \u0151rz\u00e9s \u00e9s vagyonv\u00e9delem<\/h1>\n<p>[\/et_pb_text][et_pb_text content_tablet=&#8221;<\/p>\n<p>Szeretn\u00e9 biztons\u00e1gban tudni szeretteit \u00e9s vagyon\u00e1t vagy csak korszer\u0171s\u00edten\u00e9 lak\u00e1sa biztons\u00e1gtechnikai rendszer\u00e9t? A Legal V\u00e9d Kft. megold\u00e1st k\u00edn\u00e1l \u00d6nnek!<\/p>\n<p>&#8221; content_last_edited=&#8221;off|desktop&#8221; _builder_version=&#8221;4.24.2&#8243; _module_preset=&#8221;default&#8221; text_orientation=&#8221;center&#8221; global_colors_info=&#8221;{}&#8221;]<\/p>\n<p>Objektum, ingatlanv\u00e9delem, portaszolg\u00e1lat, rendezv\u00e9nybiztos\u00edt\u00e1s<\/p>\n<p>[\/et_pb_text][\/et_pb_column][\/et_pb_row][\/et_pb_section][et_pb_section fb_built=&#8221;1&#8243; _builder_version=&#8221;4.24.2&#8243; _module_preset=&#8221;default&#8221; background_color=&#8221;#333333&#8243; hover_enabled=&#8221;0&#8243; global_colors_info=&#8221;{}&#8221; sticky_enabled=&#8221;0&#8243;][et_pb_row _builder_version=&#8221;4.24.2&#8243; _module_preset=&#8221;default&#8221; width_tablet=&#8221;&#8221; width_phone=&#8221;90%&#8221; width_last_edited=&#8221;on|phone&#8221; custom_padding=&#8221;||80px||false|false&#8221; global_colors_info=&#8221;{}&#8221;][et_pb_column type=&#8221;4_4&#8243; _builder_version=&#8221;4.24.2&#8243; _module_preset=&#8221;default&#8221; global_colors_info=&#8221;{}&#8221;][et_pb_accordion _builder_version=&#8221;4.24.2&#8243; _module_preset=&#8221;default&#8221; global_colors_info=&#8221;{}&#8221;][et_pb_accordion_item title=&#8221;Objektum, ingatlanv\u00e9delem&#8221; open=&#8221;on&#8221; open_toggle_text_color=&#8221;#C3A049&#8243; open_toggle_background_color=&#8221;#1D1D1B&#8221; closed_toggle_background_color=&#8221;#1D1D1B&#8221; icon_color=&#8221;#C3A049&#8243; _builder_version=&#8221;4.24.2&#8243; _module_preset=&#8221;default&#8221; body_text_color=&#8221;#FFFFFF&#8221; custom_margin=&#8221;||10px||false|false&#8221; border_radii=&#8221;on|15px|15px|15px|15px&#8221; border_width_all=&#8221;0px&#8221; global_colors_info=&#8221;{}&#8221; toggle_text_color=&#8221;#FFFFFF&#8221; toggle_font=&#8221;|800|||||||&#8221; toggle_font_size=&#8221;18px&#8221;]<\/p>\n<p>Hum\u00e1n alap\u00fa szolg\u00e1ltat\u00e1s mely keretein bel\u00fcl szakk\u00e9pzett \u0151r\u00f6k l\u00e1tj\u00e1k el az \u0151rszolg\u00e1lati feladatokat a Megb\u00edz\u00f3 ig\u00e9nye szerinti l\u00e9tsz\u00e1mmal, \u00e9s id\u0151beoszt\u00e1sban.<\/p>\n<p>[\/et_pb_accordion_item][et_pb_accordion_item title=&#8221;Portaszolg\u00e1lat&#8221; open_toggle_text_color=&#8221;#C3A049&#8243; open_toggle_background_color=&#8221;#1D1D1B&#8221; closed_toggle_background_color=&#8221;#1D1D1B&#8221; icon_color=&#8221;#C3A049&#8243; _builder_version=&#8221;4.24.2&#8243; _module_preset=&#8221;default&#8221; body_text_color=&#8221;#FFFFFF&#8221; custom_margin=&#8221;||10px||false|false&#8221; border_radii=&#8221;on|15px|15px|15px|15px&#8221; border_width_all=&#8221;0px&#8221; global_colors_info=&#8221;{}&#8221; toggle_text_color=&#8221;#FFFFFF&#8221; toggle_font=&#8221;|800|||||||&#8221; toggle_font_size=&#8221;18px&#8221; open=&#8221;off&#8221;]<\/p>\n<p>A portaszolg\u00e1lat v\u00e9gz\u00e9se sor\u00e1n az adott objektum f\u0151bej\u00e1rat\u00e1n\u00e1l, port\u00e1j\u00e1n\u00e1l l\u00e1tja el a telep\u0151r\/biztons\u00e1gi \u0151r a szolg\u00e1lati feladatokat, t\u00f6bbek k\u00f6z\u00f6tt:<\/p>\n<ul>\n<li>Az objektum ter\u00fclet\u00e9re \u00e9rkez\u0151 szem\u00e9lyek regisztr\u00e1l\u00e1sa, ki \u00e9s bel\u00e9ptet\u00e9se, inform\u00e1ci\u00f3 ny\u00fajt\u00e1sa, \u00fcgyf\u00e9lir\u00e1ny\u00edt\u00e1s, recepci\u00f3s feladatok elv\u00e9gz\u00e9se<\/li>\n<li>illet\u00e9ktelen szem\u00e9lyek bejut\u00e1s\u00e1nak megakad\u00e1lyoz\u00e1sa, indokolt esetekben a Megb\u00edz\u00f3 vagy a hat\u00f3s\u00e1gok \u00e9rtes\u00edt\u00e9se<\/li>\n<li>g\u00e9pj\u00e1rm\u0171forgalom ellen\u0151rz\u00e9se, nyilv\u00e1ntart\u00e1sa, amennyiben az adott objektum jellege indokolja<\/li>\n<li>az objektum biztons\u00e1gtechnikai, rendszereinek kezel\u00e9se, kamerafigyel\u00e9s a szolg\u00e1lati helyen l\u00e9v\u0151 telefonok kezel\u00e9se<\/li>\n<li>postai k\u00fcldem\u00e9nyek \u00e1tv\u00e9tele, meg\u0151rz\u00e9se<\/li>\n<li>kulcsok, kulcskazett\u00e1k illetve bel\u00e9p\u0151k\u00e1rty\u00e1k kiad\u00e1sa, bev\u00e9tele \u00e9s kezel\u00e9se<\/li>\n<li>minden a portaszolg\u00e1lati tev\u00e9kenys\u00e9ggel \u00f6sszef\u00fcgg\u0151 nyilv\u00e1ntart\u00e1s, napl\u00f3 naprak\u00e9sz vezet\u00e9se<\/li>\n<li>t\u0171zv\u00e9delmi, katasztr\u00f3fav\u00e9delmi feladatok ell\u00e1t\u00e1sa az adott l\u00e9tes\u00edtm\u00e9ny m\u0171k\u00f6d\u00e9si rendj\u00e9nek betartat\u00e1sa mellett<\/li>\n<\/ul>\n<p>[\/et_pb_accordion_item][et_pb_accordion_item title=&#8221;Rendezv\u00e9nybiztos\u00edt\u00e1s&#8221; open_toggle_text_color=&#8221;#C3A049&#8243; open_toggle_background_color=&#8221;#1D1D1B&#8221; closed_toggle_background_color=&#8221;#1D1D1B&#8221; icon_color=&#8221;#C3A049&#8243; _builder_version=&#8221;4.24.2&#8243; _module_preset=&#8221;default&#8221; body_text_color=&#8221;#FFFFFF&#8221; border_radii=&#8221;on|15px|15px|15px|15px&#8221; border_width_all=&#8221;0px&#8221; global_colors_info=&#8221;{}&#8221; toggle_text_color=&#8221;#FFFFFF&#8221; toggle_font=&#8221;|800|||||||&#8221; toggle_font_size=&#8221;18px&#8221; open=&#8221;off&#8221;]<\/p>\n<p>A rendezv\u00e9nybiztos\u00edt\u00e1s c\u00e9lja:<\/p>\n<ul>\n<li>az esem\u00e9ny zavarmentes lebonyol\u00edt\u00e1sa<\/li>\n<li>a rendbont\u00e1sra ir\u00e1nyul\u00f3 t\u00f6rekv\u00e9sek megakad\u00e1lyoz\u00e1sa<\/li>\n<li>a rendezv\u00e9nyen r\u00e9sztvev\u0151 Megb\u00edz\u00f3k, vezet\u0151k \u00e9s egy\u00e9b szem\u00e9lyek testi \u00e9ps\u00e9g\u00e9nek biztos\u00edt\u00e1sa<\/li>\n<li>a rendbont\u00e1st el\u0151id\u00e9z\u0151 illet\u00e9ktelen szem\u00e9lyek kisz\u0171r\u00e9se, a rend\u0151ri szervekkel egy\u00fcttm\u0171k\u00f6dve ezen szem\u00e9lyek kiemel\u00e9se<\/li>\n<\/ul>\n<p>[\/et_pb_accordion_item][\/et_pb_accordion][\/et_pb_column][\/et_pb_row][et_pb_row _builder_version=&#8221;4.24.2&#8243; _module_preset=&#8221;default&#8221; width_tablet=&#8221;&#8221; width_phone=&#8221;90%&#8221; width_last_edited=&#8221;on|phone&#8221; global_colors_info=&#8221;{}&#8221;][et_pb_column type=&#8221;4_4&#8243; _builder_version=&#8221;4.24.2&#8243; _module_preset=&#8221;default&#8221; global_colors_info=&#8221;{}&#8221;][et_pb_text _builder_version=&#8221;4.24.2&#8243; _module_preset=&#8221;default&#8221; header_2_font=&#8221;|800|||||||&#8221; header_2_text_align=&#8221;center&#8221; header_2_font_size=&#8221;40px&#8221; header_2_line_height=&#8221;1.5em&#8221; custom_margin=&#8221;||7px|||&#8221; header_2_font_size_tablet=&#8221;&#8221; header_2_font_size_phone=&#8221;33px&#8221; header_2_font_size_last_edited=&#8221;on|tablet&#8221; global_colors_info=&#8221;{}&#8221;]<\/p>\n<h2>Milyen el\u0151ny\u00f6kkel j\u00e1r az \u00e9l\u0151er\u0151s \u0151rz\u00e9s?<\/h2>\n<p>[\/et_pb_text][et_pb_text content_tablet=&#8221;<\/p>\n<p>Szeretn\u00e9 biztons\u00e1gban tudni szeretteit \u00e9s vagyon\u00e1t vagy csak korszer\u0171s\u00edten\u00e9 lak\u00e1sa biztons\u00e1gtechnikai rendszer\u00e9t? A Legal V\u00e9d Kft. megold\u00e1st k\u00edn\u00e1l \u00d6nnek!<\/p>\n<p>&#8221; content_last_edited=&#8221;off|desktop&#8221; _builder_version=&#8221;4.24.2&#8243; _module_preset=&#8221;default&#8221; text_orientation=&#8221;center&#8221; global_colors_info=&#8221;{}&#8221;]<\/p>\n<p>\u00c9l\u0151er\u0151s \u0151rz\u00e9s vagy automatiz\u00e1lt bitons\u00e1gtechnkai rendszer? Melyik jobb?<\/p>\n<p>[\/et_pb_text][\/et_pb_column][\/et_pb_row][et_pb_row column_structure=&#8221;1_3,1_3,1_3&#8243; use_custom_gutter=&#8221;on&#8221; gutter_width=&#8221;2&#8243; _builder_version=&#8221;4.24.2&#8243; _module_preset=&#8221;default&#8221; width_tablet=&#8221;&#8221; width_phone=&#8221;90%&#8221; width_last_edited=&#8221;on|phone&#8221; global_colors_info=&#8221;{}&#8221;][et_pb_column type=&#8221;1_3&#8243; _builder_version=&#8221;4.24.2&#8243; _module_preset=&#8221;default&#8221; background_color=&#8221;#1D1D1B&#8221; custom_padding=&#8221;20px|20px|20px|20px|true|true&#8221; border_radii=&#8221;on|25px|25px|25px|25px&#8221; border_width_all=&#8221;2px&#8221; border_color_all=&#8221;#C3A049&#8243; global_colors_info=&#8221;{}&#8221; background__hover_enabled=&#8221;off|desktop&#8221; background_color__hover=&#8221;#C3A049&#8243; background_enable_color__hover=&#8221;on&#8221; border_color_all__hover_enabled=&#8221;on|hover&#8221; border_color_all__hover=&#8221;#1D1D1B&#8221;][et_pb_blurb title=&#8221;Gyors reakci\u00f3k\u00e9pess\u00e9g: &#8221; use_icon=&#8221;on&#8221; font_icon=&#8221;&#xf00c;||fa||900&#8243; icon_placement=&#8221;left&#8221; _builder_version=&#8221;4.24.2&#8243; _module_preset=&#8221;default&#8221; header_font=&#8221;|800|||||||&#8221; header_font_size=&#8221;20px&#8221; header_line_height=&#8221;1.5em&#8221; min_height=&#8221;250px&#8221; min_height_tablet=&#8221;auto&#8221; min_height_phone=&#8221;&#8221; min_height_last_edited=&#8221;on|tablet&#8221; custom_margin=&#8221;||10px||false|false&#8221; global_colors_info=&#8221;{}&#8221;]<\/p>\n<p>Az \u00e9l\u0151er\u0151s \u0151rz\u00e9s lehet\u0151v\u00e9 teszi a gyors \u00e9s szem\u00e9lyes reakci\u00f3t vesz\u00e9lyhelyzetekre.<\/p>\n<p>[\/et_pb_blurb][\/et_pb_column][et_pb_column type=&#8221;1_3&#8243; _builder_version=&#8221;4.24.2&#8243; _module_preset=&#8221;default&#8221; background_color=&#8221;#1D1D1B&#8221; custom_padding=&#8221;20px|20px|20px|20px|true|true&#8221; border_radii=&#8221;on|25px|25px|25px|25px&#8221; border_width_all=&#8221;2px&#8221; border_color_all=&#8221;#C3A049&#8243; global_colors_info=&#8221;{}&#8221; background__hover_enabled=&#8221;off|desktop&#8221; background_color__hover=&#8221;#C3A049&#8243; background_enable_color__hover=&#8221;on&#8221; border_color_all__hover_enabled=&#8221;on|hover&#8221; border_color_all__hover=&#8221;#1D1D1B&#8221;][et_pb_blurb title=&#8221;Egy\u00e9ni d\u00f6nt\u00e9shozatal:&#8221; use_icon=&#8221;on&#8221; font_icon=&#8221;&#xf00c;||fa||900&#8243; icon_placement=&#8221;left&#8221; _builder_version=&#8221;4.24.2&#8243; _module_preset=&#8221;default&#8221; header_font=&#8221;|800|||||||&#8221; header_font_size=&#8221;20px&#8221; header_line_height=&#8221;1.5em&#8221; min_height=&#8221;250px&#8221; min_height_tablet=&#8221;auto&#8221; min_height_phone=&#8221;&#8221; min_height_last_edited=&#8221;on|tablet&#8221; custom_margin=&#8221;||10px||false|false&#8221; global_colors_info=&#8221;{}&#8221;]<\/p>\n<p>Egy ki\u00e9lezett szitu\u00e1ci\u00f3ban elengedhetetlen a gyors \u00e9s helyes d\u00f6nt\u00e9s meghozatala. Az \u00e9l\u0151er\u0151s \u0151rz\u00e9s az emberi t\u00e9nyez\u0151 \u00e1ltal garant\u00e1lja a megfelel\u0151 reakci\u00f3t.<\/p>\n<p>[\/et_pb_blurb][\/et_pb_column][et_pb_column type=&#8221;1_3&#8243; _builder_version=&#8221;4.24.2&#8243; _module_preset=&#8221;default&#8221; background_color=&#8221;#1D1D1B&#8221; custom_padding=&#8221;20px|20px|20px|20px|true|true&#8221; border_radii=&#8221;on|25px|25px|25px|25px&#8221; border_width_all=&#8221;2px&#8221; border_color_all=&#8221;#C3A049&#8243; global_colors_info=&#8221;{}&#8221; background__hover_enabled=&#8221;off|desktop&#8221; background_color__hover=&#8221;#C3A049&#8243; background_enable_color__hover=&#8221;on&#8221; border_color_all__hover_enabled=&#8221;on|hover&#8221; border_color_all__hover=&#8221;#1D1D1B&#8221;][et_pb_blurb title=&#8221;Prevent\u00edv jelenl\u00e9t:&#8221; use_icon=&#8221;on&#8221; font_icon=&#8221;&#xf00c;||fa||900&#8243; icon_placement=&#8221;left&#8221; _builder_version=&#8221;4.24.2&#8243; _module_preset=&#8221;default&#8221; header_font=&#8221;|800|||||||&#8221; header_font_size=&#8221;20px&#8221; header_line_height=&#8221;1.5em&#8221; min_height=&#8221;250px&#8221; min_height_tablet=&#8221;auto&#8221; min_height_phone=&#8221;&#8221; min_height_last_edited=&#8221;on|tablet&#8221; custom_margin=&#8221;||10px||false|false&#8221; global_colors_info=&#8221;{}&#8221;]<\/p>\n<p>Az \u00e9l\u0151er\u0151s \u0151rz\u00e9s \u00f6nmag\u00e1ban is prevent\u00edv hat\u00e1st fejthet ki. Az emberek hajlamosak tart\u00f3zkodni olyan ter\u00fcletekt\u0151l, ahol \u00e9l\u0151er\u0151s biztons\u00e1gi szem\u00e9lyzet van jelen, ez\u00e1ltal cs\u00f6kkentve a b\u0171ncselekm\u00e9nyek val\u00f3sz\u00edn\u0171s\u00e9g\u00e9t.<\/p>\n<p>[\/et_pb_blurb][\/et_pb_column][\/et_pb_row][et_pb_row _builder_version=&#8221;4.24.2&#8243; _module_preset=&#8221;default&#8221; width_tablet=&#8221;&#8221; width_phone=&#8221;90%&#8221; width_last_edited=&#8221;on|phone&#8221; global_colors_info=&#8221;{}&#8221;][et_pb_column type=&#8221;4_4&#8243; _builder_version=&#8221;4.24.2&#8243; _module_preset=&#8221;default&#8221; global_colors_info=&#8221;{}&#8221;][et_pb_text content_tablet=&#8221;<\/p>\n<p>Szeretne t\u00f6bbet megtudni szolg\u00e1ltat\u00e1sinkr\u00f3l? Keressen benn\u00fcnket el\u00e9rhet\u0151s\u00e9geinken, koll\u00e9g\u00e1ink sz\u00edvesen seg\u00edtenek!<\/p>\n<p>&#8221; content_phone=&#8221;<\/p>\n<p>Szeretne t\u00f6bbet megtudni szolg\u00e1ltat\u00e1sinkr\u00f3l? Keressen benn\u00fcnket el\u00e9rhet\u0151s\u00e9geinken, koll\u00e9g\u00e1ink sz\u00edvesen seg\u00edtenek!<\/p>\n<p>&#8221; content_last_edited=&#8221;off|desktop&#8221; _builder_version=&#8221;4.24.2&#8243; _module_preset=&#8221;default&#8221; text_orientation=&#8221;center&#8221; global_colors_info=&#8221;{}&#8221;]<\/p>\n<p>Az \u00e9l\u0151er\u0151s \u0151rz\u00e9s \u00e9s az automatiz\u00e1lt biztons\u00e1gi rendszerek kombin\u00e1ci\u00f3ja gyakran optim\u00e1lis megold\u00e1st jelenthet, mivel ez lehet\u0151v\u00e9 teszi a technol\u00f3gia \u00e9s az emberi er\u0151forr\u00e1sok el\u0151nyeinek \u00f6tv\u00f6z\u00e9s\u00e9t a komplex biztons\u00e1gi kih\u00edv\u00e1sok kezel\u00e9se \u00e9rdek\u00e9ben.<\/p>\n<p>Tov\u00e1bbi inform\u00e1ci\u00f3ra van sz\u00fcks\u00e9ge szolg\u00e1ltat\u00e1sunkr\u00f3l? Keressen benn\u00fcnket el\u00e9rhet\u0151s\u00e9geinken!<\/p>\n<p>[\/et_pb_text][et_pb_button button_url=&#8221;tel:+36308301765&#8243; button_text=&#8221;telefonh\u00edv\u00e1s most&#8221; button_alignment=&#8221;center&#8221; _builder_version=&#8221;4.24.2&#8243; _module_preset=&#8221;default&#8221; custom_button=&#8221;on&#8221; button_text_size=&#8221;15px&#8221; button_text_color=&#8221;#FFFFFF&#8221; button_bg_color=&#8221;#C3A049&#8243; button_border_color=&#8221;#C3A049&#8243; button_border_radius=&#8221;100px&#8221; button_font=&#8221;|700||on|||||&#8221; button_use_icon=&#8221;off&#8221; custom_padding=&#8221;10px|50px|10px|50px|true|true&#8221; hover_enabled=&#8221;0&#8243; global_colors_info=&#8221;{}&#8221; button_text_color__hover_enabled=&#8221;on|desktop&#8221; button_text_color__hover=&#8221;#1D1D1B&#8221; sticky_enabled=&#8221;0&#8243;][\/et_pb_button][\/et_pb_column][\/et_pb_row][\/et_pb_section]<\/p>\n","protected":false},"excerpt":{"rendered":"<p>\u00c9l\u0151er\u0151s \u0151rz\u00e9s \u00e9s vagyonv\u00e9delemObjektum, ingatlanv\u00e9delem, portaszolg\u00e1lat, rendezv\u00e9nybiztos\u00edt\u00e1sHum\u00e1n alap\u00fa szolg\u00e1ltat\u00e1s mely keretein bel\u00fcl szakk\u00e9pzett \u0151r\u00f6k l\u00e1tj\u00e1k el az \u0151rszolg\u00e1lati feladatokat a Megb\u00edz\u00f3 ig\u00e9nye szerinti l\u00e9tsz\u00e1mmal, \u00e9s id\u0151beoszt\u00e1sban.A portaszolg\u00e1lat v\u00e9gz\u00e9se sor\u00e1n az adott objektum f\u0151bej\u00e1rat\u00e1n\u00e1l, port\u00e1j\u00e1n\u00e1l l\u00e1tja el a telep\u0151r\/biztons\u00e1gi \u0151r a szolg\u00e1lati feladatokat, t\u00f6bbek k\u00f6z\u00f6tt: Az objektum ter\u00fclet\u00e9re \u00e9rkez\u0151 szem\u00e9lyek regisztr\u00e1l\u00e1sa, ki \u00e9s bel\u00e9ptet\u00e9se, inform\u00e1ci\u00f3 ny\u00fajt\u00e1sa, [&hellip;]<\/p>\n","protected":false},"author":1,"featured_media":0,"parent":0,"menu_order":0,"comment_status":"closed","ping_status":"closed","template":"","meta":{"_et_pb_use_builder":"on","_et_pb_old_content":"","_et_gb_content_width":"","footnotes":""},"class_list":["post-21","page","type-page","status-publish","hentry"],"yoast_head":"<!-- This site is optimized with the Yoast SEO plugin v26.3 - https:\/\/yoast.com\/wordpress\/plugins\/seo\/ -->\n<title>\u00c9l\u0151er\u0151s \u0151rz\u00e9s \u00e9s vagyonv\u00e9delem - Legal V\u00e9d Kft.<\/title>\n<meta name=\"description\" content=\"\u00c9l\u0151er\u0151s \u0151rz\u00e9s \u00e9s vagyonv\u00e9delem: Objektum, ingatlanv\u00e9delem, portaszolg\u00e1lat \u00e9s rendezv\u00e9nybiztos\u00edt\u00e1s. Tov\u00e1bbi inform\u00e1ci\u00f3ra van sz\u00fcks\u00e9ge?\" \/>\n<meta name=\"robots\" content=\"index, follow, max-snippet:-1, max-image-preview:large, max-video-preview:-1\" \/>\n<link rel=\"canonical\" href=\"https:\/\/legalved.hu\/index.php\/eloeros-orzes-es-vagyonvedelem\/\" \/>\n<meta property=\"og:locale\" content=\"hu_HU\" \/>\n<meta property=\"og:type\" content=\"article\" \/>\n<meta property=\"og:title\" content=\"\u00c9l\u0151er\u0151s \u0151rz\u00e9s \u00e9s vagyonv\u00e9delem - Legal V\u00e9d Kft.\" \/>\n<meta property=\"og:description\" content=\"\u00c9l\u0151er\u0151s \u0151rz\u00e9s \u00e9s vagyonv\u00e9delem: Objektum, ingatlanv\u00e9delem, portaszolg\u00e1lat \u00e9s rendezv\u00e9nybiztos\u00edt\u00e1s. Tov\u00e1bbi inform\u00e1ci\u00f3ra van sz\u00fcks\u00e9ge?\" \/>\n<meta property=\"og:url\" content=\"https:\/\/legalved.hu\/index.php\/eloeros-orzes-es-vagyonvedelem\/\" \/>\n<meta property=\"og:site_name\" content=\"Legal V\u00e9d Kft.\" \/>\n<meta property=\"article:modified_time\" content=\"2024-04-03T11:43:49+00:00\" \/>\n<meta name=\"twitter:card\" content=\"summary_large_image\" \/>\n<meta name=\"twitter:label1\" content=\"Becs\u00fclt olvas\u00e1si id\u0151\" \/>\n\t<meta name=\"twitter:data1\" content=\"2 perc\" \/>\n<script type=\"application\/ld+json\" class=\"yoast-schema-graph\">{\"@context\":\"https:\/\/schema.org\",\"@graph\":[{\"@type\":\"WebPage\",\"@id\":\"https:\/\/legalved.hu\/index.php\/eloeros-orzes-es-vagyonvedelem\/\",\"url\":\"https:\/\/legalved.hu\/index.php\/eloeros-orzes-es-vagyonvedelem\/\",\"name\":\"\u00c9l\u0151er\u0151s \u0151rz\u00e9s \u00e9s vagyonv\u00e9delem - Legal V\u00e9d Kft.\",\"isPartOf\":{\"@id\":\"https:\/\/legalved.hu\/#website\"},\"datePublished\":\"2024-03-08T11:32:28+00:00\",\"dateModified\":\"2024-04-03T11:43:49+00:00\",\"description\":\"\u00c9l\u0151er\u0151s \u0151rz\u00e9s \u00e9s vagyonv\u00e9delem: Objektum, ingatlanv\u00e9delem, portaszolg\u00e1lat \u00e9s rendezv\u00e9nybiztos\u00edt\u00e1s. Tov\u00e1bbi inform\u00e1ci\u00f3ra van sz\u00fcks\u00e9ge?\",\"breadcrumb\":{\"@id\":\"https:\/\/legalved.hu\/index.php\/eloeros-orzes-es-vagyonvedelem\/#breadcrumb\"},\"inLanguage\":\"hu\",\"potentialAction\":[{\"@type\":\"ReadAction\",\"target\":[\"https:\/\/legalved.hu\/index.php\/eloeros-orzes-es-vagyonvedelem\/\"]}]},{\"@type\":\"BreadcrumbList\",\"@id\":\"https:\/\/legalved.hu\/index.php\/eloeros-orzes-es-vagyonvedelem\/#breadcrumb\",\"itemListElement\":[{\"@type\":\"ListItem\",\"position\":1,\"name\":\"Kezd\u0151lap\",\"item\":\"https:\/\/legalved.hu\/\"},{\"@type\":\"ListItem\",\"position\":2,\"name\":\"\u00c9l\u0151er\u0151s \u0151rz\u00e9s \u00e9s vagyonv\u00e9delem\"}]},{\"@type\":\"WebSite\",\"@id\":\"https:\/\/legalved.hu\/#website\",\"url\":\"https:\/\/legalved.hu\/\",\"name\":\"Legal V\u00e9d Kft.\",\"description\":\"0-24 \u00f3r\u00e1s t\u00e1vfel\u00fcgyelet; \u00e9l\u0151er\u0151s \u0151rz\u00e9s \u00e9s vagyonv\u00e9delem; biztons\u00e1gtechnika\",\"potentialAction\":[{\"@type\":\"SearchAction\",\"target\":{\"@type\":\"EntryPoint\",\"urlTemplate\":\"https:\/\/legalved.hu\/?s={search_term_string}\"},\"query-input\":{\"@type\":\"PropertyValueSpecification\",\"valueRequired\":true,\"valueName\":\"search_term_string\"}}],\"inLanguage\":\"hu\"}]}<\/script>\n<!-- \/ Yoast SEO plugin. -->","yoast_head_json":{"title":"\u00c9l\u0151er\u0151s \u0151rz\u00e9s \u00e9s vagyonv\u00e9delem - Legal V\u00e9d Kft.","description":"\u00c9l\u0151er\u0151s \u0151rz\u00e9s \u00e9s vagyonv\u00e9delem: Objektum, ingatlanv\u00e9delem, portaszolg\u00e1lat \u00e9s rendezv\u00e9nybiztos\u00edt\u00e1s. Tov\u00e1bbi inform\u00e1ci\u00f3ra van sz\u00fcks\u00e9ge?","robots":{"index":"index","follow":"follow","max-snippet":"max-snippet:-1","max-image-preview":"max-image-preview:large","max-video-preview":"max-video-preview:-1"},"canonical":"https:\/\/legalved.hu\/index.php\/eloeros-orzes-es-vagyonvedelem\/","og_locale":"hu_HU","og_type":"article","og_title":"\u00c9l\u0151er\u0151s \u0151rz\u00e9s \u00e9s vagyonv\u00e9delem - Legal V\u00e9d Kft.","og_description":"\u00c9l\u0151er\u0151s \u0151rz\u00e9s \u00e9s vagyonv\u00e9delem: Objektum, ingatlanv\u00e9delem, portaszolg\u00e1lat \u00e9s rendezv\u00e9nybiztos\u00edt\u00e1s. Tov\u00e1bbi inform\u00e1ci\u00f3ra van sz\u00fcks\u00e9ge?","og_url":"https:\/\/legalved.hu\/index.php\/eloeros-orzes-es-vagyonvedelem\/","og_site_name":"Legal V\u00e9d Kft.","article_modified_time":"2024-04-03T11:43:49+00:00","twitter_card":"summary_large_image","twitter_misc":{"Becs\u00fclt olvas\u00e1si id\u0151":"2 perc"},"schema":{"@context":"https:\/\/schema.org","@graph":[{"@type":"WebPage","@id":"https:\/\/legalved.hu\/index.php\/eloeros-orzes-es-vagyonvedelem\/","url":"https:\/\/legalved.hu\/index.php\/eloeros-orzes-es-vagyonvedelem\/","name":"\u00c9l\u0151er\u0151s \u0151rz\u00e9s \u00e9s vagyonv\u00e9delem - Legal V\u00e9d Kft.","isPartOf":{"@id":"https:\/\/legalved.hu\/#website"},"datePublished":"2024-03-08T11:32:28+00:00","dateModified":"2024-04-03T11:43:49+00:00","description":"\u00c9l\u0151er\u0151s \u0151rz\u00e9s \u00e9s vagyonv\u00e9delem: Objektum, ingatlanv\u00e9delem, portaszolg\u00e1lat \u00e9s rendezv\u00e9nybiztos\u00edt\u00e1s. Tov\u00e1bbi inform\u00e1ci\u00f3ra van sz\u00fcks\u00e9ge?","breadcrumb":{"@id":"https:\/\/legalved.hu\/index.php\/eloeros-orzes-es-vagyonvedelem\/#breadcrumb"},"inLanguage":"hu","potentialAction":[{"@type":"ReadAction","target":["https:\/\/legalved.hu\/index.php\/eloeros-orzes-es-vagyonvedelem\/"]}]},{"@type":"BreadcrumbList","@id":"https:\/\/legalved.hu\/index.php\/eloeros-orzes-es-vagyonvedelem\/#breadcrumb","itemListElement":[{"@type":"ListItem","position":1,"name":"Kezd\u0151lap","item":"https:\/\/legalved.hu\/"},{"@type":"ListItem","position":2,"name":"\u00c9l\u0151er\u0151s \u0151rz\u00e9s \u00e9s vagyonv\u00e9delem"}]},{"@type":"WebSite","@id":"https:\/\/legalved.hu\/#website","url":"https:\/\/legalved.hu\/","name":"Legal V\u00e9d Kft.","description":"0-24 \u00f3r\u00e1s t\u00e1vfel\u00fcgyelet; \u00e9l\u0151er\u0151s \u0151rz\u00e9s \u00e9s vagyonv\u00e9delem; biztons\u00e1gtechnika","potentialAction":[{"@type":"SearchAction","target":{"@type":"EntryPoint","urlTemplate":"https:\/\/legalved.hu\/?s={search_term_string}"},"query-input":{"@type":"PropertyValueSpecification","valueRequired":true,"valueName":"search_term_string"}}],"inLanguage":"hu"}]}},"_links":{"self":[{"href":"https:\/\/legalved.hu\/index.php\/wp-json\/wp\/v2\/pages\/21","targetHints":{"allow":["GET"]}}],"collection":[{"href":"https:\/\/legalved.hu\/index.php\/wp-json\/wp\/v2\/pages"}],"about":[{"href":"https:\/\/legalved.hu\/index.php\/wp-json\/wp\/v2\/types\/page"}],"author":[{"embeddable":true,"href":"https:\/\/legalved.hu\/index.php\/wp-json\/wp\/v2\/users\/1"}],"replies":[{"embeddable":true,"href":"https:\/\/legalved.hu\/index.php\/wp-json\/wp\/v2\/comments?post=21"}],"version-history":[{"count":9,"href":"https:\/\/legalved.hu\/index.php\/wp-json\/wp\/v2\/pages\/21\/revisions"}],"predecessor-version":[{"id":210,"href":"https:\/\/legalved.hu\/index.php\/wp-json\/wp\/v2\/pages\/21\/revisions\/210"}],"wp:attachment":[{"href":"https:\/\/legalved.hu\/index.php\/wp-json\/wp\/v2\/media?parent=21"}],"curies":[{"name":"wp","href":"https:\/\/api.w.org\/{rel}","templated":true}]}}